{"id":2535,"date":"2025-01-04T11:10:53","date_gmt":"2025-01-04T10:10:53","guid":{"rendered":"https:\/\/demo.almacode.it\/palazzobrando\/struktur\/"},"modified":"2025-04-11T17:17:47","modified_gmt":"2025-04-11T15:17:47","slug":"struktur","status":"publish","type":"page","link":"https:\/\/www.palazzobrando.it\/de\/struktur\/","title":{"rendered":"Struktur"},"content":{"rendered":"\t\t<div data-elementor-type=\"wp-page\" data-elementor-id=\"2535\" class=\"elementor elementor-2535 elementor-460\" data-elementor-post-type=\"page\">\n\t\t\t\t<div class=\"elementor-element elementor-element-2bffaa1 e-con-full e-flex e-con e-parent\" data-id=\"2bffaa1\" data-element_type=\"container\" data-settings=\"{&quot;background_background&quot;:&quot;classic&quot;}\">\n\t\t<div class=\"elementor-element elementor-element-0b566bc e-flex e-con-boxed e-con e-child\" data-id=\"0b566bc\" data-element_type=\"container\" data-settings=\"{&quot;background_background&quot;:&quot;classic&quot;}\">\n\t\t\t\t\t<div class=\"e-con-inner\">\n\t\t<div class=\"elementor-element elementor-element-5fe52ec e-con-full e-flex e-con e-child\" data-id=\"5fe52ec\" data-element_type=\"container\">\n\t\t\t\t<div class=\"elementor-element elementor-element-cd7df06 elementor-widget__width-initial elementor-widget elementor-widget-heading\" data-id=\"cd7df06\" data-element_type=\"widget\" data-widget_type=\"heading.default\">\n\t\t\t\t\t<h1 class=\"elementor-heading-title elementor-size-default\">Residenz f\u00fcr Kurzzeitvermietungen\nim Herzen von Treviso<\/h1>\t\t\t\t<\/div>\n\t\t\t\t<div class=\"elementor-element elementor-element-79aab7d elementor-widget-mobile__width-initial elementor-widget elementor-widget-heading\" data-id=\"79aab7d\" data-element_type=\"widget\" data-widget_type=\"heading.default\">\n\t\t\t\t\t<h2 class=\"elementor-heading-title elementor-size-default\">Im Urlaub oder auf Gesch\u00e4ftsreise, f\u00fchlen Sie sich wie zu Hause<\/h2>\t\t\t\t<\/div>\n\t\t\t\t<\/div>\n\t\t\t\t\t<\/div>\n\t\t\t\t<\/div>\n\t\t<div class=\"elementor-element elementor-element-6777dcd e-con-full e-flex e-con e-child\" data-id=\"6777dcd\" data-element_type=\"container\" data-settings=\"{&quot;background_background&quot;:&quot;classic&quot;,&quot;background_motion_fx_motion_fx_scrolling&quot;:&quot;yes&quot;,&quot;background_motion_fx_translateY_effect&quot;:&quot;yes&quot;,&quot;background_motion_fx_translateY_speed&quot;:{&quot;unit&quot;:&quot;px&quot;,&quot;size&quot;:4,&quot;sizes&quot;:[]},&quot;background_motion_fx_translateY_affectedRange&quot;:{&quot;unit&quot;:&quot;%&quot;,&quot;size&quot;:&quot;&quot;,&quot;sizes&quot;:{&quot;start&quot;:0,&quot;end&quot;:100}},&quot;background_motion_fx_devices&quot;:[&quot;desktop&quot;,&quot;laptop&quot;,&quot;tablet_extra&quot;,&quot;tablet&quot;,&quot;mobile_extra&quot;,&quot;mobile&quot;]}\">\n\t\t\t\t<\/div>\n\t\t\t\t<\/div>\n\t\t<div class=\"elementor-element elementor-element-6cf12b4 e-flex e-con-boxed e-con e-parent\" data-id=\"6cf12b4\" data-element_type=\"container\">\n\t\t\t\t\t<div class=\"e-con-inner\">\n\t\t<div class=\"elementor-element elementor-element-9d515ff e-con-full e-flex e-con e-child\" data-id=\"9d515ff\" data-element_type=\"container\">\n\t\t\t\t<div class=\"elementor-element elementor-element-8c7f200 elementor-widget elementor-widget-text-editor\" data-id=\"8c7f200\" data-element_type=\"widget\" data-widget_type=\"text-editor.default\">\n\t\t\t\t\t\t\t\t\t<p class=\"p1\">Die Residence Palazzo Brando beherbergt 22 Apartments in unmittelbarer N\u00e4he des historischen Stadtzentrums von Treviso. Die Lage ist strategisch g\u00fcnstig: nur wenige Minuten trennen das Haus vom Bahnhof, dem Flughafen und den wichtigsten Verkehrswegen, was es zur idealen Wahl sowohl f\u00fcr Gesch\u00e4ftsreisen als auch f\u00fcr touristische Aufenthalte macht. Ein wirklich wertvolles Plus ist der im Aufenthalt enthaltene Privatparkplatz, ein echtes Privileg im Zentrum von Treviso.  <\/p><p class=\"p1\">Die Wohnungen, die f\u00fcr kurze oder lange Zeitr\u00e4ume zur Verf\u00fcgung stehen, bieten Platz f\u00fcr ein bis f\u00fcnf Personen und sind gut aufgeteilt und gepflegt eingerichtet. Jede Einheit ist mit allen notwendigen Annehmlichkeiten ausgestattet, um eine Atmosph\u00e4re wie zu Hause zu schaffen: von der voll ausgestatteten K\u00fcche bis hin zu den komfortablen Wohnr\u00e4umen. <\/p><p class=\"p1\">Der Palazzo Brando geht \u00fcber das Konzept einer einfachen Unterkunft in Treviso hinaus: Er bietet ein komplettes Wohnerlebnis im Herzen der Region Venetien, wo Komfort und Zweckm\u00e4\u00dfigkeit zusammenkommen, um die Bed\u00fcrfnisse jedes Gastes zu erf\u00fcllen.<\/p>\t\t\t\t\t\t\t\t<\/div>\n\t\t<div class=\"elementor-element elementor-element-7192ca0 e-con-full e-flex e-con e-child\" data-id=\"7192ca0\" data-element_type=\"container\">\n\t\t\t\t<div class=\"elementor-element elementor-element-a92bee6 elementor-widget__width-initial elementor-widget elementor-widget-image\" data-id=\"a92bee6\" data-element_type=\"widget\" data-widget_type=\"image.default\">\n\t\t\t\t\t\t\t\t\t\t\t\t\t\t\t<img decoding=\"async\" width=\"118\" height=\"118\" src=\"https:\/\/www.palazzobrando.it\/wp-content\/uploads\/2025\/01\/vietato_introdurre_animali.svg\" class=\"attachment-large size-large wp-image-479\" alt=\"\" \/>\t\t\t\t\t\t\t\t\t\t\t\t\t\t\t<\/div>\n\t\t\t\t<div class=\"elementor-element elementor-element-02a33c2 elementor-widget__width-initial elementor-widget elementor-widget-image\" data-id=\"02a33c2\" data-element_type=\"widget\" data-widget_type=\"image.default\">\n\t\t\t\t\t\t\t\t\t\t\t\t\t\t\t<img decoding=\"async\" width=\"118\" height=\"118\" src=\"https:\/\/www.palazzobrando.it\/wp-content\/uploads\/2025\/01\/vietato_accesso_bambini.svg\" class=\"attachment-large size-large wp-image-480\" alt=\"\" \/>\t\t\t\t\t\t\t\t\t\t\t\t\t\t\t<\/div>\n\t\t\t\t<div class=\"elementor-element elementor-element-775dbf9 elementor-widget__width-initial elementor-widget elementor-widget-image\" data-id=\"775dbf9\" data-element_type=\"widget\" data-widget_type=\"image.default\">\n\t\t\t\t\t\t\t\t\t\t\t\t\t\t\t<img decoding=\"async\" width=\"118\" height=\"118\" src=\"https:\/\/www.palazzobrando.it\/wp-content\/uploads\/2025\/01\/vietato_fumare.svg\" class=\"attachment-large size-large wp-image-481\" alt=\"\" \/>\t\t\t\t\t\t\t\t\t\t\t\t\t\t\t<\/div>\n\t\t\t\t<\/div>\n\t\t\t\t<div class=\"elementor-element elementor-element-cf672aa elementor-widget elementor-widget-text-editor\" data-id=\"cf672aa\" data-element_type=\"widget\" data-widget_type=\"text-editor.default\">\n\t\t\t\t\t\t\t\t\tWir sind st\u00e4ndig bem\u00fcht, unseren G\u00e4sten das beste Reiseerlebnis zu bieten. Bitte beachten Sie daher, dass dies im Hotel nicht gestattet ist:\n<ul>\n \t<li>Tiere einf\u00fchren, wenn es sich nicht um Servicetiere handelt<\/li>\n \t<li>Zugang zu Kindern unter 13 Jahren<\/li>\n \t<li>Rauchen in den Wohnungen<br><span style=\"font-size: 14px;\">(es ist jedoch auf den Terrassen und im Innenhof m\u00f6glich)<\/span><\/li>\n<\/ul>\t\t\t\t\t\t\t\t<\/div>\n\t\t\t\t<\/div>\n\t\t<div class=\"elementor-element elementor-element-33bb6b9 e-con-full e-flex e-con e-child\" data-id=\"33bb6b9\" data-element_type=\"container\" data-settings=\"{&quot;motion_fx_motion_fx_scrolling&quot;:&quot;yes&quot;,&quot;sticky&quot;:&quot;top&quot;,&quot;sticky_parent&quot;:&quot;yes&quot;,&quot;motion_fx_devices&quot;:[&quot;desktop&quot;,&quot;laptop&quot;,&quot;tablet_extra&quot;,&quot;tablet&quot;,&quot;mobile_extra&quot;,&quot;mobile&quot;],&quot;sticky_on&quot;:[&quot;desktop&quot;,&quot;laptop&quot;,&quot;tablet_extra&quot;,&quot;tablet&quot;,&quot;mobile_extra&quot;,&quot;mobile&quot;],&quot;sticky_offset&quot;:0,&quot;sticky_effects_offset&quot;:0,&quot;sticky_anchor_link_offset&quot;:0}\">\n\t\t<div class=\"elementor-element elementor-element-6bca7d0 e-con-full e-flex e-con e-child\" data-id=\"6bca7d0\" data-element_type=\"container\" data-settings=\"{&quot;background_background&quot;:&quot;classic&quot;}\">\n\t\t\t\t<div class=\"elementor-element elementor-element-38b1f72 elementor-widget elementor-widget-heading\" data-id=\"38b1f72\" data-element_type=\"widget\" data-widget_type=\"heading.default\">\n\t\t\t\t\t<h4 class=\"elementor-heading-title elementor-size-default\">B\u00fcrozeiten\/Concierge<\/h4>\t\t\t\t<\/div>\n\t\t\t\t<div class=\"elementor-element elementor-element-c36aa75 elementor-widget elementor-widget-text-editor\" data-id=\"c36aa75\" data-element_type=\"widget\" data-widget_type=\"text-editor.default\">\n\t\t\t\t\t\t\t\t\t<p><b>Montag &#8211; Freitag<\/b><br>08.30 &#8211; 12.30<br>15.00 &#8211; 19.00<\/p>\n\n<p><b>Samstag<\/b><br>09.00 &#8211; 13.00<\/p>\n\n<p><b>Sonntags und an Feiertagen<\/b><br>Geschlossen<\/p>\n\n\t\t\t\t\t\t\t\t<\/div>\n\t\t\t\t<\/div>\n\t\t<div class=\"elementor-element elementor-element-b16c0b7 e-con-full e-flex e-con e-child\" data-id=\"b16c0b7\" data-element_type=\"container\" data-settings=\"{&quot;background_background&quot;:&quot;classic&quot;}\">\n\t\t\t\t<div class=\"elementor-element elementor-element-a23971d elementor-widget elementor-widget-text-editor\" data-id=\"a23971d\" data-element_type=\"widget\" data-widget_type=\"text-editor.default\">\n\t\t\t\t\t\t\t\t\t<p>In Notf\u00e4llen oder bei Bedarf sind wir immer unter dieser Nummer zu erreichen:  <\/p>\t\t\t\t\t\t\t\t<\/div>\n\t\t\t\t<div class=\"elementor-element elementor-element-f809d19 elementor-widget elementor-widget-heading\" data-id=\"f809d19\" data-element_type=\"widget\" data-widget_type=\"heading.default\">\n\t\t\t\t\t<h4 class=\"elementor-heading-title elementor-size-default\"><a href=\"tel:+390422406642\">+39 0422406642<\/a><\/h4>\t\t\t\t<\/div>\n\t\t\t\t<\/div>\n\t\t\t\t<\/div>\n\t\t\t\t\t<\/div>\n\t\t\t\t<\/div>\n\t\t<div class=\"elementor-element elementor-element-1ec9d4c e-flex e-con-boxed e-con e-parent\" data-id=\"1ec9d4c\" data-element_type=\"container\">\n\t\t\t\t\t<div class=\"e-con-inner\">\n\t\t\t\t<div class=\"elementor-element elementor-element-940d982 elementor-widget elementor-widget-heading\" data-id=\"940d982\" data-element_type=\"widget\" data-widget_type=\"heading.default\">\n\t\t\t\t\t<h2 class=\"elementor-heading-title elementor-size-default\">Warum<br>Palazzo Brando w\u00e4hlen?<\/h2>\t\t\t\t<\/div>\n\t\t<div class=\"elementor-element elementor-element-2c7fc30 e-con-full e-flex e-con e-child\" data-id=\"2c7fc30\" data-element_type=\"container\">\n\t\t<div class=\"elementor-element elementor-element-45f07b9 e-con-full e-flex e-con e-child\" data-id=\"45f07b9\" data-element_type=\"container\" data-settings=\"{&quot;background_background&quot;:&quot;classic&quot;}\">\n\t\t<div class=\"elementor-element elementor-element-a8a8451 e-con-full e-flex e-con e-child\" data-id=\"a8a8451\" data-element_type=\"container\" data-settings=\"{&quot;background_background&quot;:&quot;classic&quot;}\">\n\t\t\t\t<\/div>\n\t\t<div class=\"elementor-element elementor-element-9d307f7 e-con-full e-flex e-con e-child\" data-id=\"9d307f7\" data-element_type=\"container\">\n\t\t\t\t<div class=\"elementor-element elementor-element-16fa51c elementor-widget elementor-widget-heading\" data-id=\"16fa51c\" data-element_type=\"widget\" data-widget_type=\"heading.default\">\n\t\t\t\t\t<h2 class=\"elementor-heading-title elementor-size-default\">Strategischer Standort<\/h2>\t\t\t\t<\/div>\n\t\t\t\t<div class=\"elementor-element elementor-element-6c2e468 elementor-widget elementor-widget-text-editor\" data-id=\"6c2e468\" data-element_type=\"widget\" data-widget_type=\"text-editor.default\">\n\t\t\t\t\t\t\t\t\t<p>Unsere Anlage befindet sich in einer ruhigen, aber gut angebundenen Gegend, ideal f\u00fcr diejenigen, die die Sch\u00f6nheit von Treviso entdecken m\u00f6chten oder berufliche Verpflichtungen in der Stadt oder ihrer Umgebung haben.<\/p>\t\t\t\t\t\t\t\t<\/div>\n\t\t\t\t<\/div>\n\t\t\t\t<\/div>\n\t\t<div class=\"elementor-element elementor-element-b938fa6 e-con-full e-flex e-con e-child\" data-id=\"b938fa6\" data-element_type=\"container\" data-settings=\"{&quot;background_background&quot;:&quot;classic&quot;}\">\n\t\t<div class=\"elementor-element elementor-element-f58b45b e-con-full e-flex e-con e-child\" data-id=\"f58b45b\" data-element_type=\"container\" data-settings=\"{&quot;background_background&quot;:&quot;classic&quot;}\">\n\t\t\t\t<\/div>\n\t\t<div class=\"elementor-element elementor-element-083cfa8 e-con-full e-flex e-con e-child\" data-id=\"083cfa8\" data-element_type=\"container\">\n\t\t\t\t<div class=\"elementor-element elementor-element-e60fb63 elementor-widget elementor-widget-heading\" data-id=\"e60fb63\" data-element_type=\"widget\" data-widget_type=\"heading.default\">\n\t\t\t\t\t<h2 class=\"elementor-heading-title elementor-size-default\">Komfort und Stil<\/h2>\t\t\t\t<\/div>\n\t\t\t\t<div class=\"elementor-element elementor-element-fee17e2 elementor-widget elementor-widget-text-editor\" data-id=\"fee17e2\" data-element_type=\"widget\" data-widget_type=\"text-editor.default\">\n\t\t\t\t\t\t\t\t\t<p><span style=\"white-space-collapse: preserve;\">Moderne, komplett eingerichtete Wohnungen mit allen Annehmlichkeiten: Wi-Fi, voll ausgestattete K\u00fcche, Klimaanlage und Privatparkplatz. Ideal f\u00fcr kurze Aufenthalte, aber mit dem Komfort von zu Hause. <\/span><\/p>\t\t\t\t\t\t\t\t<\/div>\n\t\t\t\t<\/div>\n\t\t\t\t<\/div>\n\t\t<div class=\"elementor-element elementor-element-033583b e-con-full e-flex e-con e-child\" data-id=\"033583b\" data-element_type=\"container\" data-settings=\"{&quot;background_background&quot;:&quot;classic&quot;}\">\n\t\t<div class=\"elementor-element elementor-element-081c265 e-con-full e-flex e-con e-child\" data-id=\"081c265\" data-element_type=\"container\" data-settings=\"{&quot;background_background&quot;:&quot;classic&quot;}\">\n\t\t\t\t<\/div>\n\t\t<div class=\"elementor-element elementor-element-7e8e1ce e-con-full e-flex e-con e-child\" data-id=\"7e8e1ce\" data-element_type=\"container\">\n\t\t\t\t<div class=\"elementor-element elementor-element-7135be0 elementor-widget elementor-widget-heading\" data-id=\"7135be0\" data-element_type=\"widget\" data-widget_type=\"heading.default\">\n\t\t\t\t\t<h2 class=\"elementor-heading-title elementor-size-default\">Flexible L\u00f6sungen<\/h2>\t\t\t\t<\/div>\n\t\t\t\t<div class=\"elementor-element elementor-element-767058f elementor-widget elementor-widget-text-editor\" data-id=\"767058f\" data-element_type=\"widget\" data-widget_type=\"text-editor.default\">\n\t\t\t\t\t\t\t\t\t<p><span style=\"white-space-collapse: preserve;\">Wir bieten kurze, individuell gestaltbare Mietvertr\u00e4ge an, die f\u00fcr diejenigen geeignet sind, die eine praktische L\u00f6sung suchen, ohne auf Qualit\u00e4t verzichten zu m\u00fcssen. Ideal f\u00fcr Gesch\u00e4ftsaufenthalte, Ferien oder Besuche bei Familie und Freunden. <\/span><\/p>\t\t\t\t\t\t\t\t<\/div>\n\t\t\t\t<\/div>\n\t\t\t\t<\/div>\n\t\t\t\t<\/div>\n\t\t\t\t\t<\/div>\n\t\t\t\t<\/div>\n\t\t<div class=\"elementor-element elementor-element-826ea82 e-flex e-con-boxed e-con e-parent\" data-id=\"826ea82\" data-element_type=\"container\" data-settings=\"{&quot;background_background&quot;:&quot;classic&quot;,&quot;background_motion_fx_motion_fx_scrolling&quot;:&quot;yes&quot;,&quot;background_motion_fx_translateY_direction&quot;:&quot;negative&quot;,&quot;background_motion_fx_translateY_speed&quot;:{&quot;unit&quot;:&quot;px&quot;,&quot;size&quot;:6,&quot;sizes&quot;:[]},&quot;background_motion_fx_translateY_effect&quot;:&quot;yes&quot;,&quot;background_motion_fx_translateY_affectedRange&quot;:{&quot;unit&quot;:&quot;%&quot;,&quot;size&quot;:&quot;&quot;,&quot;sizes&quot;:{&quot;start&quot;:0,&quot;end&quot;:100}},&quot;background_motion_fx_devices&quot;:[&quot;desktop&quot;,&quot;laptop&quot;,&quot;tablet_extra&quot;,&quot;tablet&quot;,&quot;mobile_extra&quot;,&quot;mobile&quot;]}\">\n\t\t\t\t\t<div class=\"e-con-inner\">\n\t\t<div class=\"elementor-element elementor-element-fe6c1af e-con-full e-flex e-con e-child\" data-id=\"fe6c1af\" data-element_type=\"container\" data-settings=\"{&quot;background_background&quot;:&quot;classic&quot;}\">\n\t\t\t\t<div class=\"elementor-element elementor-element-3d1e7a8 elementor-widget elementor-widget-heading\" data-id=\"3d1e7a8\" data-element_type=\"widget\" data-widget_type=\"heading.default\">\n\t\t\t\t\t<h2 class=\"elementor-heading-title elementor-size-default\"><a href=\"https:\/\/www.palazzobrando.it\/de\/buchen\/\">Buchen Sie jetzt Ihren Aufenthalt im Herzen von Treviso<\/a><\/h2>\t\t\t\t<\/div>\n\t\t\t\t<div class=\"elementor-element elementor-element-82bb306 custom-bt bigger-bt elementor-widget elementor-widget-button\" data-id=\"82bb306\" data-element_type=\"widget\" data-widget_type=\"button.default\">\n\t\t\t\t\t\t\t\t\t\t<a class=\"elementor-button elementor-button-link elementor-size-sm\" href=\"https:\/\/www.palazzobrando.it\/de\/buchen\/\">\n\t\t\t\t\t\t<span class=\"elementor-button-content-wrapper\">\n\t\t\t\t\t\t\t\t\t<span class=\"elementor-button-text\">Jetzt buchen<\/span>\n\t\t\t\t\t<\/span>\n\t\t\t\t\t<\/a>\n\t\t\t\t\t\t\t\t<\/div>\n\t\t\t\t<\/div>\n\t\t\t\t\t<\/div>\n\t\t\t\t<\/div>\n\t\t\t\t<\/div>\n\t\t","protected":false},"excerpt":{"rendered":"<p>Residenz f\u00fcr Kurzzeitvermietungen im Herzen von Treviso Im Urlaub oder auf Gesch\u00e4ftsreise, f\u00fchlen Sie sich wie zu Hause Die Residence Palazzo Brando beherbergt 22 Apartments in unmittelbarer N\u00e4he des historischen Stadtzentrums von Treviso. Die Lage ist strategisch g\u00fcnstig: nur wenige Minuten trennen das Haus vom Bahnhof, dem Flughafen und den wichtigsten Verkehrswegen, was es zur [&hellip;]<\/p>\n","protected":false},"author":2,"featured_media":0,"parent":0,"menu_order":0,"comment_status":"closed","ping_status":"closed","template":"","meta":{"_acf_changed":false,"footnotes":""},"class_list":["post-2535","page","type-page","status-publish","hentry"],"acf":[],"_links":{"self":[{"href":"https:\/\/www.palazzobrando.it\/de\/wp-json\/wp\/v2\/pages\/2535","targetHints":{"allow":["GET"]}}],"collection":[{"href":"https:\/\/www.palazzobrando.it\/de\/wp-json\/wp\/v2\/pages"}],"about":[{"href":"https:\/\/www.palazzobrando.it\/de\/wp-json\/wp\/v2\/types\/page"}],"author":[{"embeddable":true,"href":"https:\/\/www.palazzobrando.it\/de\/wp-json\/wp\/v2\/users\/2"}],"replies":[{"embeddable":true,"href":"https:\/\/www.palazzobrando.it\/de\/wp-json\/wp\/v2\/comments?post=2535"}],"version-history":[{"count":7,"href":"https:\/\/www.palazzobrando.it\/de\/wp-json\/wp\/v2\/pages\/2535\/revisions"}],"predecessor-version":[{"id":2765,"href":"https:\/\/www.palazzobrando.it\/de\/wp-json\/wp\/v2\/pages\/2535\/revisions\/2765"}],"wp:attachment":[{"href":"https:\/\/www.palazzobrando.it\/de\/wp-json\/wp\/v2\/media?parent=2535"}],"curies":[{"name":"wp","href":"https:\/\/api.w.org\/{rel}","templated":true}]}}